{"id":6276,"date":"2022-02-09T18:02:11","date_gmt":"2022-02-09T13:02:11","guid":{"rendered":"https:\/\/uzdjtsunf.uz\/?page_id=6276"},"modified":"2026-02-11T14:57:47","modified_gmt":"2026-02-11T09:57:47","slug":"baspasoz-xatkeri","status":"publish","type":"page","link":"https:\/\/uzdjtsunf.uz\/qq\/baspasoz-xatkeri\/","title":{"rendered":"Baspas\u00f3z xatkeri"},"content":{"rendered":"<p><\/p>\n<table style=\"border-collapse: collapse; width: 100%;\">\n<tbody>\n<tr>\n<td style=\"width: 35.824%;\"><img loading=\"lazy\" decoding=\"async\" class=\"aligncenter wp-image-21438\" src=\"https:\/\/uzdjtsunf.uz\/wp-content\/uploads\/2026\/02\/55-3.jpg\" alt=\"\" width=\"149\" height=\"200\" \/><\/td>\n<td style=\"width: 64.176%;\">\n<p style=\"text-align: center;\"><span style=\"font-family: 'times new roman', times, serif; font-size: 14pt;\">Tilewbaev Murat Jal\u01f5asbaevich<br \/>\ntilewbaev<a class=\"Link Link_theme_normal _2B8m2Ac-YbG1JJvDRa8Yrh _2UFNSfIpzRXipwsdTbuNuC Nrp5Vv0rNSa0q_M3Y-FjR\" title=\"mambetov@uzdjtsunf.uz\" href=\"mailto:mambetov@uzdjtsunf.uz\" target=\"_blank\" rel=\"noopener noreferrer\">@uzdjtsunf.uz<\/a><br \/>\nTel: (93) 489-81-01<\/span><\/p>\n<\/td>\n<\/tr>\n<\/tbody>\n<\/table>\n<p style=\"text-align: justify;\"><span style=\"font-family: 'times new roman', times, serif; font-size: 14pt;\">\u00a0 \u00a0Baspas\u00f3z xatkeri \u00f3z iskerliginde \u00d3zbekstan Respublikas\u0131 Konstituciyas\u0131na, \u00abM\u00e1mleketlik h\u00e1kimiyat h\u00e1m basqar\u0131w uy\u0131mlar\u0131 jum\u0131s\u0131n\u0131\u0144 ash\u0131ql\u0131\u01f5\u0131 haqq\u0131nda\u00bb\u01f5\u0131 \u00d3zbekstan Respublikas\u0131 n\u0131zam\u0131na h\u00e1m \u00d3zbekstan Respublikas\u0131n\u0131\u0144 basqa n\u0131zamlar\u0131na, \u00d3zbekstan Respublikas\u0131 Oliy Majlis palatalar\u0131 qararlar\u0131na, \u00d3zbekstan Respublikas\u0131 Prezidentini\u0144 P\u00e1rmanlar\u0131, qararlar\u0131 h\u00e1m biyliklerine, \u00d3zbekstan Respublikas\u0131 Ministrler Kabinetini\u0144 qararlar\u0131 h\u00e1m biyliklerine, \u00d3zbekstan Respublikas\u0131 Joqar\u0131 h\u00e1m orta arnawl\u0131 bilimlendiriw ministrini\u0144 buyr\u0131qlar\u0131na \u00e1mel etedi. Baspas\u00f3z xatkeri \u00f3z jum\u0131s\u0131n universitetti\u0144 quram\u0131nda\u01f5\u0131 b\u00f3limleri h\u00e1m basqa da m\u00e1mleketlik h\u00e1m m\u00e1mleketlik emes sh\u00f3lkemlerdi\u0144 tiyisli x\u0131zmetleri menen \u00f3z ara birge islesiwdi sh\u00f3lkemlestiredi.<\/span><\/p>\n<p style=\"text-align: center;\"><span style=\"font-family: 'times new roman', times, serif; font-size: 14pt;\"><strong>Baspas\u00f3z xatkerini\u0144 tiykar\u01f5\u0131 waz\u0131ypalar\u0131 h\u00e1m funkciyalar\u0131:<\/strong><\/span><\/p>\n<p><span style=\"font-family: 'times new roman', times, serif; font-size: 14pt;\">\u2013 filial bassh\u0131l\u0131\u01f5\u0131 t\u00e1repinen zamanag\u00f3y talaplar\u01f5a muwap\u0131q belgilenetu\u01f5\u0131n m\u00e1limleme siyasat\u0131n sh\u00f3lkemlestiriw h\u00e1m \u00e1melge as\u0131r\u0131wda qatnasad\u0131;<\/span><\/p>\n<p><span style=\"font-family: 'times new roman', times, serif; font-size: 14pt;\">\u2013 m\u00e1limleme taraw\u0131nda\u01f5\u0131 birden-bir m\u00e1mleketlik siyasatt\u0131 \u00e1melge as\u0131r\u0131wda Joqar\u0131 h\u00e1m orta arnawl\u0131 bilimlendiriw ministrligini\u0144 baspas\u00f3z x\u0131zmeti h\u00e1m j\u00e1miyetlik sh\u00f3lkemlerdi\u0144 baspas\u00f3z x\u0131zmetleri menen n\u00e1tiyjeli birge islesiwdi jol\u01f5a qoy\u0131w;<\/span><\/p>\n<p><span style=\"font-family: 'times new roman', times, serif; font-size: 14pt;\">\u2013 ke\u0144 j\u00e1miyetshilikti filial jum\u0131s\u0131, on\u0131\u0144 taraw\u01f5a normativlik-huquq\u0131y h\u00fajjetleri haqq\u0131nda qal\u0131s, sapal\u0131 h\u00e1m tez xabardar etiw;<\/span><\/p>\n<p><span style=\"font-family: 'times new roman', times, serif; font-size: 14pt;\">\u2013 \u01f5alaba xabar qurallar\u0131 (keyingi or\u0131nlarda \u01f4XQ) menen birge islesiw, turaql\u0131 birge islesetu\u01f5\u0131n jurnalistler ortal\u0131\u01f5\u0131n sh\u00f3lkemlestiriw, m\u00e1limleme xabarlar tarqat\u0131w, universitette \u01f5alabal\u0131q ilajlard\u0131 sh\u00f3lkemlestiriw;<\/span><\/p>\n<p><span style=\"font-family: 'times new roman', times, serif; font-size: 14pt;\">\u2013 filiald\u0131\u0144 r\u00e1smiy veb-sayt\u0131nda xabard\u0131 operativ t\u00farde jaylast\u0131r\u0131w h\u00e1m \u00f3z waqt\u0131nda ja\u0144alap bar\u0131w, Internet tarma\u01f5\u0131nda\u01f5\u0131 veb-resurslard\u0131, j\u00e1ne, sociall\u0131q h\u00e1m mobil tarmaqlard\u0131 rawajland\u0131r\u0131w;<\/span><\/p>\n<p><span style=\"font-family: 'times new roman', times, serif; font-size: 14pt;\">\u2013 filial quram\u0131nda\u01f5\u0131 b\u00f3limlerdegi belgilengen x\u0131zmetkerler menen birgelikte milliy h\u00e1m s\u0131rt el \u01f4XQda tarqat\u0131w ush\u0131n xabar, m\u00e1limleme ma\u01f5l\u0131wmatlar, t\u00fasinikler h\u00e1m xabar-analitikal\u0131q materiallar tayarlaw;<\/span><\/p>\n<p><span style=\"font-family: 'times new roman', times, serif; font-size: 14pt;\">\u2013 filial turm\u0131s\u0131na baylan\u0131sl\u0131 j\u00e1miyetshilik pikirini\u0144 ja\u01f5day\u0131 h\u00e1m \u01f4XQ poziciyas\u0131nan analizlew h\u00e1m olar haqq\u0131nda filial direktor\u0131na ma\u01f5l\u0131wmat beriw;<\/span><\/p>\n<p><span style=\"font-family: 'times new roman', times, serif; font-size: 14pt;\">\u2013 filiald\u0131\u0144 iskerligine baylan\u0131sl\u0131 jazba, foto, audio h\u00e1m videomateriallar ma\u01f5l\u0131wmatlar bankin sh\u00f3lkemlestiriw h\u00e1m j\u00fargiziw.<\/span><\/p>\n<p><\/p>","protected":false},"excerpt":{"rendered":"<p>Tilewbaev Murat Jal\u01f5asbaevich tilewbaev@uzdjtsunf.uz Tel: (93) 489-81-01 \u00a0 \u00a0Baspas\u00f3z xatkeri \u00f3z iskerliginde \u00d3zbekstan Respublikas\u0131 Konstituciyas\u0131na, \u00abM\u00e1mleketlik h\u00e1kimiyat h\u00e1m basqar\u0131w uy\u0131mlar\u0131 jum\u0131s\u0131n\u0131\u0144 ash\u0131ql\u0131\u01f5\u0131 haqq\u0131nda\u00bb\u01f5\u0131 \u00d3zbekstan Respublikas\u0131 n\u0131zam\u0131na h\u00e1m \u00d3zbekstan Respublikas\u0131n\u0131\u0144 basqa n\u0131zamlar\u0131na, \u00d3zbekstan Respublikas\u0131 Oliy Majlis palatalar\u0131 qararlar\u0131na, \u00d3zbekstan Respublikas\u0131 Prezidentini\u0144 P\u00e1rmanlar\u0131, qararlar\u0131 h\u00e1m biyliklerine, \u00d3zbekstan Respublikas\u0131 Ministrler Kabinetini\u0144 qararlar\u0131 h\u00e1m biyliklerine, \u00d3zbekstan Respublikas\u0131 Joqar\u0131 h\u00e1m [&hellip;]<\/p>\n","protected":false},"author":82,"featured_media":0,"parent":0,"menu_order":0,"comment_status":"closed","ping_status":"closed","template":"","meta":{"footnotes":""},"class_list":["post-6276","page","type-page","status-publish","hentry"],"_links":{"self":[{"href":"https:\/\/uzdjtsunf.uz\/qq\/wp-json\/wp\/v2\/pages\/6276","targetHints":{"allow":["GET"]}}],"collection":[{"href":"https:\/\/uzdjtsunf.uz\/qq\/wp-json\/wp\/v2\/pages"}],"about":[{"href":"https:\/\/uzdjtsunf.uz\/qq\/wp-json\/wp\/v2\/types\/page"}],"author":[{"embeddable":true,"href":"https:\/\/uzdjtsunf.uz\/qq\/wp-json\/wp\/v2\/users\/82"}],"replies":[{"embeddable":true,"href":"https:\/\/uzdjtsunf.uz\/qq\/wp-json\/wp\/v2\/comments?post=6276"}],"version-history":[{"count":4,"href":"https:\/\/uzdjtsunf.uz\/qq\/wp-json\/wp\/v2\/pages\/6276\/revisions"}],"predecessor-version":[{"id":21440,"href":"https:\/\/uzdjtsunf.uz\/qq\/wp-json\/wp\/v2\/pages\/6276\/revisions\/21440"}],"wp:attachment":[{"href":"https:\/\/uzdjtsunf.uz\/qq\/wp-json\/wp\/v2\/media?parent=6276"}],"curies":[{"name":"wp","href":"https:\/\/api.w.org\/{rel}","templated":true}]}}